{"id":10,"date":"2014-03-12T09:45:29","date_gmt":"2014-03-12T09:45:29","guid":{"rendered":"http:\/\/enricnavarro.es\/enric_navarro\/?page_id=10"},"modified":"2021-11-04T13:03:32","modified_gmt":"2021-11-04T13:03:32","slug":"biografia","status":"publish","type":"page","link":"https:\/\/enricnavarro.es\/enric_navarro\/biografia\/","title":{"rendered":"Biograf\u00eda"},"content":{"rendered":"<div class=\"tx-row \"><div class=\"tx-column tx-column-size-1-2\"><a href=\"http:\/\/enricnavarro.es\/enric_navarro\/biografia\/\"><div class=\"tx-service square\" style=\"\"><div class=\"tx-service-icon\"><span><i class=\"fa fa-book\"><\/i><\/span><\/div><div class=\"tx-service-title\">Biograf\u00eda<\/div><div class=\"tx-service-text\"><\/div><\/div><\/a><\/div><div class=\"tx-column tx-column-size-1-2\"><a href=\"http:\/\/enricnavarro.es\/enric_navarro\/curriculum-vitae\/\"><div class=\"tx-service square\" style=\"\"><div class=\"tx-service-icon\"><span><i class=\"fa fa-mortar-board\"><\/i><\/span><\/div><div class=\"tx-service-title\">C.V.<\/div><div class=\"tx-service-text\"><\/div><\/div><\/a><\/div><\/div>\n<p style=\"text-align: justify;\"><span style=\"text-align: justify; line-height: 1.5em;\"><br \/>Enric Navarro comenz\u00f3 a estudiar de forma seria Artes Marciales en 1996 a la edad de 14 a\u00f1os, tras haber tenido encuentros espor\u00e1dicos siendo ni\u00f1o, con Judo o Karate en las actividades extraescolares del centro educativo d\u00f3nde cursaba sus estudios.<\/span><\/p>\n<div style=\"text-align: justify;\">Su primer Arte Marcial fue Taekwondo, de la mano del Maestro D. Abilio Granero Freire, actualmente 6 Dan y Vicepresidente de la Federaci\u00f3n Madrile\u00f1a de Taekwondo, el cual le ense\u00f1o las artes marciales como modo de vida, y una forma de ayudar a los dem\u00e1s.<\/div>\n<div>\u00a0<\/div>\n<div><img fetchpriority=\"high\" decoding=\"async\" class=\"aligncenter\" src=\"http:\/\/4.bp.blogspot.com\/-SjWRjZcRaYs\/Tiv6oe9jLzI\/AAAAAAAAMkE\/aIVc-A4ulNc\/s320\/fotos+taekwondo+torre+%2528146%2529_redimensionar.jpg\" alt=\"\" width=\"320\" height=\"240\" border=\"0\" \/><\/div>\n<p><span style=\"text-align: justify;\">En el a\u00f1o 2000, comenz\u00f3 a tomar contacto con otras disciplinas como el Full Contact, el Aikido o el Karate Shito Ryu, adem\u00e1s de tomar contacto con algunos grandes maestros a trav\u00e9s de seminarios.<\/span><\/p>\n<div><img decoding=\"async\" class=\"aligncenter\" src=\"http:\/\/3.bp.blogspot.com\/-7WtkVuCJuxM\/Tiv7i9rzZEI\/AAAAAAAAMkI\/GNV2HVuttGg\/s320\/meditaci%25C3%25B3n+03.JPG\" alt=\"\" width=\"320\" height=\"240\" border=\"0\" \/><\/div>\n<p style=\"text-align: justify;\">Es as\u00ed como conoci\u00f3 entre otros al Maestro de Aikijujutsu Toni Ka\u00fchanen, el Maestro Han Kwang Hill escolta del primer ministro koreano y entrenador de grupos de operaciones especiales en Korea, el Sensei Juan Hombre Dopazo de Iga y Koga Ryu Ninjutsu, fundador del sistema de defensa personal TaiShinDo y entrenador de la BRIPAC en el Ejercito Espa\u00f1ol, al Maestro Ignacio Serapio, del estilo Kakuto Buguei, al Maestro Antonio Nieto, de Shinobi Jutsu y m\u00e1ximo exponente de SIMUDI en Espa\u00f1a, al Sensei Lucio \u00c1lvarez Ladera 6 Dan de Aikido, maestro de Aikijutsu, y representante de la AFA en Madrid con qui\u00e9n estudi\u00f3 durante 5 a\u00f1os, al Guro Dan Inosantos, m\u00e1ximo representante del fallecido Bruce Lee y su estilo Jet Kune Do Gun Fat, o a Sebasti\u00e1n Deibe que ser\u00eda su Sifu de Kyusho y Kali Filipino hasta 2005, cuando realiz\u00f3 el curso de la primera promoci\u00f3n de instructores Nacionales de Kyusho Jutsu en Espa\u00f1a.<\/p>\n<div><img decoding=\"async\" class=\"aligncenter\" src=\"http:\/\/3.bp.blogspot.com\/-_50LDllkpqM\/Tiv9FHB7ylI\/AAAAAAAAMkQ\/sVJz3sBR_bM\/s320\/dan+inosato+008.jpg\" alt=\"\" width=\"320\" height=\"240\" border=\"0\" \/><\/div>\n<p style=\"text-align: justify;\">Durante ese periodo 2000-2005, tambi\u00e9n sinti\u00f3 una profunda atracci\u00f3n por el tema sanitario, form\u00e1ndose en emergencias extra-hospitalarias, y comenzando un voluntariado para Cruz Roja Espa\u00f1ola, primero en ambulancias y posteriormente como tutor de t\u00e9cnicos en emergencias, en el proceso formativo de los nuevos voluntarios.<\/p>\n<div style=\"text-align: justify;\">A partir de ah\u00ed, su formaci\u00f3n lejos de estancarse, sigui\u00f3 avanzando, titul\u00e1ndose en 2006 como T\u00e9cnico Superior en Animaci\u00f3n F\u00edsica y Actividades Deportivas (TAFAD), obteniendo titulaciones superiores en Taekwondo hasta su actual 4\u00ba Dan y Maestr\u00eda a nivel Nacional, y entrenando y conociendo otros estilos como el Hapkido, Cintur\u00f3n Negro obtenido en septiembre 2009 con el Maestro Felix Rivas, o Brasilian Jiu Jutsu de la mano del Instructor Argenito, Neris Gonz\u00e1lez de la Escuela de los Valento.<\/div>\n<p><img loading=\"lazy\" decoding=\"async\" class=\"aligncenter\" src=\"http:\/\/1.bp.blogspot.com\/-e5rEBKDeZvE\/Tiv-7qfPQbI\/AAAAAAAAMkU\/iXI2RlP9MaE\/s320\/DF_CV_FDJ_10.jpg\" alt=\"\" width=\"320\" height=\"213\" border=\"0\" \/><\/p>\n<p style=\"text-align: justify;\">En 2010 particip\u00f3 como Miembro Fundador en la creaci\u00f3n de la Asociaci\u00f3n Nacional Defensa Femenina, y trabaj\u00f3 como co-director en el programa &#8220;Jornadas de Autoprotecci\u00f3n Femenina&#8221; de la Fundaci\u00f3n Deporte Joven del Consejo Superior de Deportes, llegando a juntar en algunos cursos a m\u00e1s de 300 mujeres participantes.<\/p>\n<p style=\"text-align: center;\"><img decoding=\"async\" class=\"aligncenter\" style=\"border: 0px;\" src=\"http:\/\/2.bp.blogspot.com\/-nIPFhHcYXpA\/TaJOlBhau4I\/AAAAAAAAAjo\/DkVK4SLZdIo\/s400\/df_madrid_35.jpg\" alt=\"\" width=\"450\" border=\"0\" \/><\/p>\n<p style=\"text-align: justify;\">A fecha de 2011 Enric Navarro, se convirti\u00f3 en el \u00fanico civil NO miembro de las Fuerzas y Cuerpos de Seguridad del Estado, con acceso a los entrenamientos policiales y de Grupos de Operaciones Especiales \u201cSIDE\u201d.<\/p>\n<p>\u00a0<\/p>\n<p>\u00a0<\/p>\n<center><iframe src=\"http:\/\/www.youtube.com\/embed\/RYO2uqqBqtg?rel=0\" width=\"560\" height=\"315\" frameborder=\"0\" allowfullscreen=\"allowfullscreen\"><\/iframe><\/center>\n<p>\u00a0<\/p>\n<p>En este a\u00f1o 2011 tambi\u00e9n imparti\u00f3 varios cursos a profesionales de la violencia de g\u00e9nero y sus usuarias de Cruz Roja Espa\u00f1ola.<\/p>\n<p>\u00a0<\/p>\n<div><img decoding=\"async\" class=\"aligncenter\" src=\"http:\/\/enricnavarro.es\/enric_navarro\/wp-content\/uploads\/2014\/03\/Cruz-Roja.jpg\" alt=\"\" border=\"0\" \/><\/div>\n<p style=\"text-align: justify;\">Adem\u00e1s de firmar varios acuerdos de colaboraci\u00f3n en la formaci\u00f3n de Profesionales, entre la entidad que cre\u00f3 en 2010 y otras de gran importancia Nacional, como la Confederaci\u00f3n Espa\u00f1ola de Polic\u00eda, o la ONG Psic\u00f3logos sin Fronteras.<\/p>\n<p style=\"text-align: center;\"><img decoding=\"async\" src=\"http:\/\/enricnavarro.es\/enric_navarro\/wp-content\/uploads\/2014\/03\/Policial.jpg\" alt=\"\" border=\"0\" \/><\/p>\n<p style=\"text-align: justify;\">En Diciembre 2012 particip\u00f3 como miembro fundador en la Asociaci\u00f3n Cultural Deportiva Defensa Personal Integral Investigaci\u00f3n y Desarrollo, a trav\u00e9s de la cual se llevan a cabo estudios sobre autoprotecci\u00f3n en agresiones reales, document\u00e1ndolos y evalu\u00e1ndolos, para luego reproducir dichas agresiones en un estudio buscando alternativas reales y efectivas para interrumpir en el menor tiempo posible y con la mayor seguridad el proceso de agresi\u00f3n. Adem\u00e1s sigui\u00f3 su voluntariado en la Asociaci\u00f3n Nacional DF impartiendo charlas y conferencias para diferentes entidades, entre ellas el colegio Mayor Jorge Juan de la Armada Espa\u00f1ola, el Colegio Oficial de Psic\u00f3logos de Madrid, o varios centros de salud y asociaciones de mujeres entre otros.<\/p>\n<p style=\"text-align: center;\"><a href=\"http:\/\/enricnavarro.es\/enric_navarro\/wp-content\/uploads\/2014\/03\/charla-jorge-juan.jpg\"><img loading=\"lazy\" decoding=\"async\" class=\"alignnone size-medium wp-image-96\" src=\"http:\/\/enricnavarro.es\/enric_navarro\/wp-content\/uploads\/2014\/03\/charla-jorge-juan-300x170.jpg\" alt=\"charla jorge juan\" width=\"300\" height=\"170\" srcset=\"https:\/\/enricnavarro.es\/enric_navarro\/wp-content\/uploads\/2014\/03\/charla-jorge-juan-300x170.jpg 300w, https:\/\/enricnavarro.es\/enric_navarro\/wp-content\/uploads\/2014\/03\/charla-jorge-juan-600x342.jpg 600w, https:\/\/enricnavarro.es\/enric_navarro\/wp-content\/uploads\/2014\/03\/charla-jorge-juan-1024x583.jpg 1024w, https:\/\/enricnavarro.es\/enric_navarro\/wp-content\/uploads\/2014\/03\/charla-jorge-juan.jpg 1279w\" sizes=\"(max-width: 300px) 100vw, 300px\" \/><\/a><\/p>\n<p style=\"text-align: justify;\">En el a\u00f1o 2013\u00a0sigui\u00f3 su formaci\u00f3n, realizando varios cursos de especializaci\u00f3n en Bullying o acoso escolar, impartiendo a su vez formaci\u00f3n en centros educativos de la sierra de Madrid, y acudiendo de manera regular a entrenamientos Nacionales e internacionales para no estancar su formaci\u00f3n.<\/p>\n<div style=\"text-align: center;\"><a href=\"http:\/\/enricnavarro.es\/enric_navarro\/wp-content\/uploads\/2014\/03\/maestro_invitado_web_02.jpg\"><img loading=\"lazy\" decoding=\"async\" class=\"alignnone size-medium wp-image-97\" src=\"http:\/\/enricnavarro.es\/enric_navarro\/wp-content\/uploads\/2014\/03\/maestro_invitado_web_02-300x200.jpg\" alt=\"maestro_invitado_web_02\" width=\"300\" height=\"200\" srcset=\"https:\/\/enricnavarro.es\/enric_navarro\/wp-content\/uploads\/2014\/03\/maestro_invitado_web_02-300x200.jpg 300w, https:\/\/enricnavarro.es\/enric_navarro\/wp-content\/uploads\/2014\/03\/maestro_invitado_web_02-600x400.jpg 600w, https:\/\/enricnavarro.es\/enric_navarro\/wp-content\/uploads\/2014\/03\/maestro_invitado_web_02.jpg 1000w\" sizes=\"(max-width: 300px) 100vw, 300px\" \/><\/a><\/div>\n<p style=\"text-align: justify;\">Durante el a\u00f1o 2014, pas\u00f3 a coordinar las artes marciales en el polideportivo municipal de Galapagar, y comenz\u00f3 una nueva andadura en sus estudios de autoprotecci\u00f3n cursando los diferentes m\u00f3dulos formativos de Defensa Verbal y Persuasi\u00f3n, buscando herramientas v\u00e1lidas para la mediaci\u00f3n, negociaci\u00f3n y resoluci\u00f3n de conflictos por v\u00edas pac\u00edficas.<\/p>\n<div><img loading=\"lazy\" decoding=\"async\" class=\"aligncenter\" src=\"http:\/\/2.bp.blogspot.com\/-zxFAIT2SIFg\/UkgMgHish9I\/AAAAAAAAAL8\/w57-e57s_Sw\/s1600\/Logo+Defensa+Verbal.png\" alt=\"\" width=\"320\" height=\"240\" border=\"0\" \/><\/div>\n<div>Tambi\u00e9n realiz\u00f3 varios cursos de negociaci\u00f3n incluyendo bandas latinas y negociaci\u00f3n para liberaci\u00f3n de rehenes:<\/div>\n<div>\n<table>\n<tbody>\n<tr>\n<td><a href=\"http:\/\/enricnavarro.es\/enric_navarro\/wp-content\/uploads\/2014\/03\/NAVARRO-NAVARRETE-BANDAS-LATINAS.jpg\"><img loading=\"lazy\" decoding=\"async\" class=\"aligncenter wp-image-373 size-medium\" src=\"http:\/\/enricnavarro.es\/enric_navarro\/wp-content\/uploads\/2014\/03\/NAVARRO-NAVARRETE-BANDAS-LATINAS-300x225.jpg\" alt=\"NAVARRO NAVARRETE-BANDAS LATINAS\" width=\"300\" height=\"225\" srcset=\"https:\/\/enricnavarro.es\/enric_navarro\/wp-content\/uploads\/2014\/03\/NAVARRO-NAVARRETE-BANDAS-LATINAS-300x225.jpg 300w, https:\/\/enricnavarro.es\/enric_navarro\/wp-content\/uploads\/2014\/03\/NAVARRO-NAVARRETE-BANDAS-LATINAS-600x450.jpg 600w, https:\/\/enricnavarro.es\/enric_navarro\/wp-content\/uploads\/2014\/03\/NAVARRO-NAVARRETE-BANDAS-LATINAS.jpg 960w\" sizes=\"(max-width: 300px) 100vw, 300px\" \/><\/a><\/td>\n<td style=\"width: 50%;\"><img loading=\"lazy\" decoding=\"async\" class=\"aligncenter wp-image-374 size-medium\" src=\"http:\/\/enricnavarro.es\/enric_navarro\/wp-content\/uploads\/2014\/03\/negociaci\u00f3n-liberaci\u00f3n-de-rehenes-300x224.jpg\" alt=\"negociaci\u00f3n liberaci\u00f3n de rehenes\" width=\"300\" height=\"224\" srcset=\"https:\/\/enricnavarro.es\/enric_navarro\/wp-content\/uploads\/2014\/03\/negociaci\u00f3n-liberaci\u00f3n-de-rehenes-300x224.jpg 300w, https:\/\/enricnavarro.es\/enric_navarro\/wp-content\/uploads\/2014\/03\/negociaci\u00f3n-liberaci\u00f3n-de-rehenes-600x448.jpg 600w, https:\/\/enricnavarro.es\/enric_navarro\/wp-content\/uploads\/2014\/03\/negociaci\u00f3n-liberaci\u00f3n-de-rehenes-1024x765.jpg 1024w, https:\/\/enricnavarro.es\/enric_navarro\/wp-content\/uploads\/2014\/03\/negociaci\u00f3n-liberaci\u00f3n-de-rehenes.jpg 1863w\" sizes=\"(max-width: 300px) 100vw, 300px\" \/><\/td>\n<\/tr>\n<\/tbody>\n<\/table>\n<\/div>\n<div>\u00a0<\/div>\n<div>Al mismo tiempo se inici\u00f3 en artes marciales israel\u00edes, con cursos con\u00a0<span style=\"text-decoration: underline;\"><span style=\"color: #3366ff;\"><a href=\"http:\/\/youtu.be\/MEn1-ube1zY\" target=\"_blank\" rel=\"noopener noreferrer\"><span style=\"color: #3366ff; text-decoration: underline;\">Peter Sciarra de ICS<\/span><\/a><\/span><\/span>, Kapap Lotar, Krav Mag\u00e0.<\/div>\n<div><a href=\"http:\/\/enricnavarro.es\/enric_navarro\/wp-content\/uploads\/2014\/03\/peter-sciarra.jpg\"><img loading=\"lazy\" decoding=\"async\" class=\"aligncenter wp-image-371 size-medium\" src=\"http:\/\/enricnavarro.es\/enric_navarro\/wp-content\/uploads\/2014\/03\/peter-sciarra-224x300.jpg\" alt=\"peter sciarra\" width=\"224\" height=\"300\" srcset=\"https:\/\/enricnavarro.es\/enric_navarro\/wp-content\/uploads\/2014\/03\/peter-sciarra-224x300.jpg 224w, https:\/\/enricnavarro.es\/enric_navarro\/wp-content\/uploads\/2014\/03\/peter-sciarra-600x803.jpg 600w, https:\/\/enricnavarro.es\/enric_navarro\/wp-content\/uploads\/2014\/03\/peter-sciarra-765x1024.jpg 765w, https:\/\/enricnavarro.es\/enric_navarro\/wp-content\/uploads\/2014\/03\/peter-sciarra-scaled.jpg 1912w\" sizes=\"(max-width: 224px) 100vw, 224px\" \/><\/a><\/div>\n<div>\u00a0<\/div>\n<div>\u00a0<a href=\"http:\/\/enricnavarro.es\/enric_navarro\/wp-content\/uploads\/2014\/03\/titulo-kapap.png\"><img loading=\"lazy\" decoding=\"async\" class=\"aligncenter wp-image-376 size-medium\" src=\"http:\/\/enricnavarro.es\/enric_navarro\/wp-content\/uploads\/2014\/03\/titulo-kapap-300x213.png\" alt=\"titulo kapap\" width=\"300\" height=\"213\" srcset=\"https:\/\/enricnavarro.es\/enric_navarro\/wp-content\/uploads\/2014\/03\/titulo-kapap-300x213.png 300w, https:\/\/enricnavarro.es\/enric_navarro\/wp-content\/uploads\/2014\/03\/titulo-kapap-600x426.png 600w, https:\/\/enricnavarro.es\/enric_navarro\/wp-content\/uploads\/2014\/03\/titulo-kapap.png 982w\" sizes=\"(max-width: 300px) 100vw, 300px\" \/><\/a><\/div>\n<div>\u00a0<\/div>\n<div>\u00a0<\/div>\n<div>Y por supuesto sigui\u00f3 colaborando con entidades de car\u00e1cter social y fines voluntarios.<\/div>\n<div><a href=\"http:\/\/enricnavarro.es\/enric_navarro\/wp-content\/uploads\/2014\/03\/certificado-universidad-alicante.jpg\"><img loading=\"lazy\" decoding=\"async\" class=\"aligncenter wp-image-380 size-medium\" src=\"http:\/\/enricnavarro.es\/enric_navarro\/wp-content\/uploads\/2014\/03\/certificado-universidad-alicante-211x300.jpg\" alt=\"certificado universidad alicante\" width=\"211\" height=\"300\" srcset=\"https:\/\/enricnavarro.es\/enric_navarro\/wp-content\/uploads\/2014\/03\/certificado-universidad-alicante-211x300.jpg 211w, https:\/\/enricnavarro.es\/enric_navarro\/wp-content\/uploads\/2014\/03\/certificado-universidad-alicante-600x855.jpg 600w, https:\/\/enricnavarro.es\/enric_navarro\/wp-content\/uploads\/2014\/03\/certificado-universidad-alicante-719x1024.jpg 719w, https:\/\/enricnavarro.es\/enric_navarro\/wp-content\/uploads\/2014\/03\/certificado-universidad-alicante-scaled.jpg 1797w\" sizes=\"(max-width: 211px) 100vw, 211px\" \/><\/a><\/div>\n<div>\u00a0<\/div>\n<div>\u00a0<\/div>\n<div style=\"text-align: justify;\">En Enero del a\u00f1o 2015, particip\u00f3 como miembro fundador en el proyecto COEDPI, (<a href=\"http:\/\/coedpi.es\" target=\"_blank\" rel=\"noopener noreferrer\">www.coedpi.es<\/a>) el Colegio Profesional de Entrenadores en Defensa Personal, un organismo privado que trata de ofrecer recursos de utilidad a profesionales del \u00e1mbito de la docencia en autoprotecci\u00f3n y protecci\u00f3n a terceros, e imparti\u00f3 varias conferencias; a rese\u00f1ar una en la facultad de ciencias de la comunicaci\u00f3n de la Universidad Complutense de Madrid, sobre mecanismos de agresi\u00f3n y otra en el Colegio Oficial de Psic\u00f3logos de Madrid, sobre agresiones f\u00edsicas en casos de violencia de G\u00e9nero.<\/div>\n<div>\u00a0<\/div>\n<p style=\"text-align: justify;\">Adem\u00e1s se form\u00f3 en procedimientos policiales, titul\u00e1ndose como &#8220;instructor T.O.P.&#8221; por la WKLF, al tiempo que sigui\u00f3 formando a mujeres, equipos de polic\u00edas, sanitarios y ofreciendo charlas antibullying en centros educativos durante todo el a\u00f1o.<\/p>\n<p style=\"text-align: justify;\"><a href=\"http:\/\/enricnavarro.es\/enric_navarro\/wp-content\/uploads\/2014\/03\/IMG-20150607-WA0024.jpg\"><img loading=\"lazy\" decoding=\"async\" class=\"aligncenter wp-image-383 size-medium\" src=\"http:\/\/enricnavarro.es\/enric_navarro\/wp-content\/uploads\/2014\/03\/IMG-20150607-WA0024-300x169.jpg\" alt=\"IMG-20150607-WA0024\" width=\"300\" height=\"169\" srcset=\"https:\/\/enricnavarro.es\/enric_navarro\/wp-content\/uploads\/2014\/03\/IMG-20150607-WA0024-300x169.jpg 300w, https:\/\/enricnavarro.es\/enric_navarro\/wp-content\/uploads\/2014\/03\/IMG-20150607-WA0024-600x338.jpg 600w, https:\/\/enricnavarro.es\/enric_navarro\/wp-content\/uploads\/2014\/03\/IMG-20150607-WA0024-1024x576.jpg 1024w, https:\/\/enricnavarro.es\/enric_navarro\/wp-content\/uploads\/2014\/03\/IMG-20150607-WA0024.jpg 1280w\" sizes=\"(max-width: 300px) 100vw, 300px\" \/><\/a><\/p>\n<p style=\"text-align: justify;\">En el plano de estudios reglados, se gradu\u00f3 como Experto en Perfiles Criminol\u00f3gicos a trav\u00e9s de Aquiles Formaci\u00f3n, adem\u00e1s de otros cursos como el de Primeros Auxilios T\u00e1cticos B-Con (Bleending Control) a trav\u00e9s de la NAEMT.<\/p>\n<p style=\"text-align: justify;\"><a href=\"http:\/\/enricnavarro.es\/enric_navarro\/wp-content\/uploads\/2014\/03\/Esc\u00e1ner_20160420.jpg\" target=\"_blank\" rel=\"noopener noreferrer\"><img loading=\"lazy\" decoding=\"async\" class=\"aligncenter wp-image-407 size-medium\" src=\"http:\/\/enricnavarro.es\/enric_navarro\/wp-content\/uploads\/2014\/03\/Esc\u00e1ner_20160420-300x212.jpg\" alt=\"Esc\u00e1ner_20160420\" width=\"300\" height=\"212\" srcset=\"https:\/\/enricnavarro.es\/enric_navarro\/wp-content\/uploads\/2014\/03\/Esc\u00e1ner_20160420-300x212.jpg 300w, https:\/\/enricnavarro.es\/enric_navarro\/wp-content\/uploads\/2014\/03\/Esc\u00e1ner_20160420-600x424.jpg 600w, https:\/\/enricnavarro.es\/enric_navarro\/wp-content\/uploads\/2014\/03\/Esc\u00e1ner_20160420-768x543.jpg 768w, https:\/\/enricnavarro.es\/enric_navarro\/wp-content\/uploads\/2014\/03\/Esc\u00e1ner_20160420-1024x724.jpg 1024w\" sizes=\"(max-width: 300px) 100vw, 300px\" \/><\/a><\/p>\n<p style=\"text-align: justify;\">En el a\u00f1o 2016 fue nombrado secretario general y pas\u00f3 a formar parte del equipo de formadores de ASCASEPP, la Asociaci\u00f3n Internacional de Seguridad P\u00fablica y Privada, con presencia en m\u00e1s de 12 pa\u00edses del continente americano y europeo y cerca de 27.000 afiliados vinculados al sector policial o de seguridad en general impartiendo con ellos varias conferencias tanto en modo presencial como a distancia mediante video-conferencia on line en directo.<\/p>\n<p style=\"text-align: justify;\">Adem\u00e1s se inicia de la mano de los maestros L\u00e1zaro y Jorge Talaya en las Artes Marciales Filipinas, concretamente en Baraw Sugb\u00f3 (mano vac\u00eda contra cuchillo), Balintawak (Palo corto contra palo corto), y Bothoan un sistema de entrenamiento de cuchillo contra cuchillo del maestro Francisco J. G\u00f3mez basado en sistemas filipinos.<\/p>\n<p style=\"text-align: justify;\"><a href=\"http:\/\/enricnavarro.es\/enric_navarro\/wp-content\/uploads\/2014\/03\/campamento-eskrima-lazaro-talaya.jpg\"><img loading=\"lazy\" decoding=\"async\" class=\"aligncenter wp-image-469 size-medium\" src=\"http:\/\/enricnavarro.es\/enric_navarro\/wp-content\/uploads\/2014\/03\/campamento-eskrima-lazaro-talaya-300x225.jpg\" alt=\"campamento eskrima lazaro talaya\" width=\"300\" height=\"225\" srcset=\"https:\/\/enricnavarro.es\/enric_navarro\/wp-content\/uploads\/2014\/03\/campamento-eskrima-lazaro-talaya-300x225.jpg 300w, https:\/\/enricnavarro.es\/enric_navarro\/wp-content\/uploads\/2014\/03\/campamento-eskrima-lazaro-talaya-600x450.jpg 600w, https:\/\/enricnavarro.es\/enric_navarro\/wp-content\/uploads\/2014\/03\/campamento-eskrima-lazaro-talaya-768x576.jpg 768w, https:\/\/enricnavarro.es\/enric_navarro\/wp-content\/uploads\/2014\/03\/campamento-eskrima-lazaro-talaya.jpg 960w\" sizes=\"(max-width: 300px) 100vw, 300px\" \/><\/a><\/p>\n<p style=\"text-align: justify;\">2016 acaba con un curso fant\u00e1stico que marca un antes y un despu\u00e9s en su forma de entender la defensa personal, diplom\u00e1ndose a trav\u00e9s de Defensa Verbal Institute y <a href=\"http:\/\/www.analisisdelcomportamiento.es\" target=\"_blank\" rel=\"noopener noreferrer\">www.analisisdelcomportamiento.es<\/a> en comunicaci\u00f3n No Verbal y Sinergolog\u00eda, apuntes que adapta a la identificaci\u00f3n de agresiones antes de que lleguen los golpes, y an\u00e1lisis de comportamientos agresivos previos a la agresi\u00f3n f\u00edsica.<\/p>\n<p style=\"text-align: justify;\"><a href=\"http:\/\/enricnavarro.es\/enric_navarro\/wp-content\/uploads\/2014\/03\/diploma-comunicaci\u00f3n-no-verbal-y-sinergolog\u00eda-e1495549253622.jpg\"><img loading=\"lazy\" decoding=\"async\" class=\"aligncenter wp-image-873 size-medium\" src=\"http:\/\/enricnavarro.es\/enric_navarro\/wp-content\/uploads\/2014\/03\/diploma-comunicaci\u00f3n-no-verbal-y-sinergolog\u00eda-e1495549253622-300x255.jpg\" alt=\"\" width=\"300\" height=\"255\" srcset=\"https:\/\/enricnavarro.es\/enric_navarro\/wp-content\/uploads\/2014\/03\/diploma-comunicaci\u00f3n-no-verbal-y-sinergolog\u00eda-e1495549253622-300x255.jpg 300w, https:\/\/enricnavarro.es\/enric_navarro\/wp-content\/uploads\/2014\/03\/diploma-comunicaci\u00f3n-no-verbal-y-sinergolog\u00eda-e1495549253622-600x511.jpg 600w, https:\/\/enricnavarro.es\/enric_navarro\/wp-content\/uploads\/2014\/03\/diploma-comunicaci\u00f3n-no-verbal-y-sinergolog\u00eda-e1495549253622-768x654.jpg 768w, https:\/\/enricnavarro.es\/enric_navarro\/wp-content\/uploads\/2014\/03\/diploma-comunicaci\u00f3n-no-verbal-y-sinergolog\u00eda-e1495549253622-1024x872.jpg 1024w\" sizes=\"(max-width: 300px) 100vw, 300px\" \/><\/a><\/p>\n<p style=\"text-align: justify;\">Durante el a\u00f1o 2017 sigue impartiendo charlas y congresos, a trav\u00e9s de centros CADE, Fundaci\u00f3n Educaci\u00f3n Activa, APDE Sierra de Madrid con ni\u00f1os con d\u00e9ficit de atenci\u00f3n e hiperactividad, o congresos de motivaci\u00f3n para j\u00f3venes a trav\u00e9s de ScolarTIC de la Fundaci\u00f3n Telef\u00f3nica, o charlas sobre acoso escolar en Ayuntamientos o Institutos como el Faust\u00ed Barber\u00e1 de Valencia donde imparti\u00f3 una conferencia para m\u00e1s de 300 alumnos asistentes.<\/p>\n<p style=\"text-align: center;\"><iframe src=\"https:\/\/www.youtube.com\/embed\/FnyZhxHvcGE?rel=0\" width=\"560\" height=\"315\" frameborder=\"0\" allowfullscreen=\"allowfullscreen\"><\/iframe><\/p>\n<p style=\"text-align: justify;\">Y A nivel formaci\u00f3n, adem\u00e1s de seguir instruyendose en artes marciales filipinas, en Marzo se titul\u00f3 de Nivel A de Panantukan (boxeo filipino o boxeo sucio con SAMICS INTERNATIONAL), y en el mes de Mayo se titul\u00f3 como Experto en Bullying a trav\u00e9s del programa FOCO del Consejo Superior de Deportes, adquiriendo mucho material v\u00e1lido para trabajar con menores que sufren acoso escolar.<\/p>\n<p style=\"text-align: justify;\"><a href=\"http:\/\/enricnavarro.es\/enric_navarro\/wp-content\/uploads\/2014\/03\/curso-experto-en-bullying-csd.jpe\"><img loading=\"lazy\" decoding=\"async\" class=\"aligncenter wp-image-870 size-medium\" src=\"http:\/\/enricnavarro.es\/enric_navarro\/wp-content\/uploads\/2014\/03\/curso-experto-en-bullying-csd-300x184.jpe\" alt=\"\" width=\"300\" height=\"184\" srcset=\"https:\/\/enricnavarro.es\/enric_navarro\/wp-content\/uploads\/2014\/03\/curso-experto-en-bullying-csd-300x184.jpe 300w, https:\/\/enricnavarro.es\/enric_navarro\/wp-content\/uploads\/2014\/03\/curso-experto-en-bullying-csd-600x368.jpe 600w, https:\/\/enricnavarro.es\/enric_navarro\/wp-content\/uploads\/2014\/03\/curso-experto-en-bullying-csd-768x471.jpe 768w, https:\/\/enricnavarro.es\/enric_navarro\/wp-content\/uploads\/2014\/03\/curso-experto-en-bullying-csd-1024x628.jpe 1024w, https:\/\/enricnavarro.es\/enric_navarro\/wp-content\/uploads\/2014\/03\/curso-experto-en-bullying-csd.jpe 1199w\" sizes=\"(max-width: 300px) 100vw, 300px\" \/><\/a><\/p>\n<p style=\"text-align: justify;\">En 2018, se acredit\u00f3 a trav\u00e9s de la divisi\u00f3n de formaci\u00f3n y perfeccionamiento de la Direcci\u00f3n General de Polic\u00eda del Ministerio de Interior, para la ense\u00f1anza de Defensa Personal y Preparaci\u00f3n F\u00edsica, comenzando adem\u00e1s a estudiar Kapap Policial-Militar con la La Escuela de las 3 Armas, entidad militar privada que a\u00fana la instrucci\u00f3n solo para profesionales en las materias de intervenci\u00f3n operativo policial, combate y supervivencia policial, legislaci\u00f3n, tiro, y primeros auxilios t\u00e1cticos.<\/p>\n<p>Ese mismo a\u00f1o 2018 tambi\u00e9n comenz\u00f3 a impartir clase en el espacio deportivo 88 Torreones de la ciudad de \u00c1vila, a un grupo cerrado para miembros de la academia del Cuerpo Nacional de Polic\u00eda.<\/p>\n<p><a href=\"https:\/\/enricnavarro.es\/enric_navarro\/wp-content\/uploads\/2020\/06\/acreditaci\u00f3n-formaci\u00f3n-policial-scaled.jpg\"><img loading=\"lazy\" decoding=\"async\" class=\"aligncenter wp-image-1227 size-medium\" src=\"https:\/\/enricnavarro.es\/enric_navarro\/wp-content\/uploads\/2020\/06\/acreditaci\u00f3n-formaci\u00f3n-policial-300x218.jpg\" alt=\"\" width=\"300\" height=\"218\" srcset=\"https:\/\/enricnavarro.es\/enric_navarro\/wp-content\/uploads\/2020\/06\/acreditaci\u00f3n-formaci\u00f3n-policial-300x218.jpg 300w, https:\/\/enricnavarro.es\/enric_navarro\/wp-content\/uploads\/2020\/06\/acreditaci\u00f3n-formaci\u00f3n-policial-scaled-600x436.jpg 600w, https:\/\/enricnavarro.es\/enric_navarro\/wp-content\/uploads\/2020\/06\/acreditaci\u00f3n-formaci\u00f3n-policial-1024x745.jpg 1024w, https:\/\/enricnavarro.es\/enric_navarro\/wp-content\/uploads\/2020\/06\/acreditaci\u00f3n-formaci\u00f3n-policial-768x558.jpg 768w, https:\/\/enricnavarro.es\/enric_navarro\/wp-content\/uploads\/2020\/06\/acreditaci\u00f3n-formaci\u00f3n-policial-1536x1117.jpg 1536w, https:\/\/enricnavarro.es\/enric_navarro\/wp-content\/uploads\/2020\/06\/acreditaci\u00f3n-formaci\u00f3n-policial-2048x1489.jpg 2048w, https:\/\/enricnavarro.es\/enric_navarro\/wp-content\/uploads\/2020\/06\/acreditaci\u00f3n-formaci\u00f3n-policial-830x604.jpg 830w, https:\/\/enricnavarro.es\/enric_navarro\/wp-content\/uploads\/2020\/06\/acreditaci\u00f3n-formaci\u00f3n-policial-550x400.jpg 550w, https:\/\/enricnavarro.es\/enric_navarro\/wp-content\/uploads\/2020\/06\/acreditaci\u00f3n-formaci\u00f3n-policial-230x167.jpg 230w, https:\/\/enricnavarro.es\/enric_navarro\/wp-content\/uploads\/2020\/06\/acreditaci\u00f3n-formaci\u00f3n-policial-350x254.jpg 350w, https:\/\/enricnavarro.es\/enric_navarro\/wp-content\/uploads\/2020\/06\/acreditaci\u00f3n-formaci\u00f3n-policial-480x349.jpg 480w\" sizes=\"(max-width: 300px) 100vw, 300px\" \/><\/a><\/p>\n<p>Durante el a\u00f1o 2019 retom\u00f3 sus clases de Brasilian Jiu Jitsu con el Instructor Brasile\u00f1o Renato Mendes, y comenz\u00f3 un proyecto formativo en el colegio Dragon Cambridge American School de Torrelodones, convirti\u00e9ndose en profesor titular de Defensa Personal y Antibullying del centro educativo, lugar donde sigue trabajando actualmente, y se form\u00f3 en Mayo 2019 en manejo de Karambit para uso t\u00e1ctico militar, con el Sargento Primero del Ej\u00e9rcito de Tierra Samuel Romero Rodriguez de la base de Zaragoza.<\/p>\n<p><a href=\"https:\/\/enricnavarro.es\/enric_navarro\/wp-content\/uploads\/2020\/06\/curso-karambit-avanzado.jpeg\"><img loading=\"lazy\" decoding=\"async\" class=\"aligncenter wp-image-1230 size-medium\" src=\"https:\/\/enricnavarro.es\/enric_navarro\/wp-content\/uploads\/2020\/06\/curso-karambit-avanzado-300x225.jpeg\" alt=\"\" width=\"300\" height=\"225\" srcset=\"https:\/\/enricnavarro.es\/enric_navarro\/wp-content\/uploads\/2020\/06\/curso-karambit-avanzado-300x225.jpeg 300w, https:\/\/enricnavarro.es\/enric_navarro\/wp-content\/uploads\/2020\/06\/curso-karambit-avanzado-600x450.jpeg 600w, https:\/\/enricnavarro.es\/enric_navarro\/wp-content\/uploads\/2020\/06\/curso-karambit-avanzado-1024x768.jpeg 1024w, https:\/\/enricnavarro.es\/enric_navarro\/wp-content\/uploads\/2020\/06\/curso-karambit-avanzado-768x576.jpeg 768w, https:\/\/enricnavarro.es\/enric_navarro\/wp-content\/uploads\/2020\/06\/curso-karambit-avanzado-1536x1152.jpeg 1536w, https:\/\/enricnavarro.es\/enric_navarro\/wp-content\/uploads\/2020\/06\/curso-karambit-avanzado-830x623.jpeg 830w, https:\/\/enricnavarro.es\/enric_navarro\/wp-content\/uploads\/2020\/06\/curso-karambit-avanzado-230x173.jpeg 230w, https:\/\/enricnavarro.es\/enric_navarro\/wp-content\/uploads\/2020\/06\/curso-karambit-avanzado-350x263.jpeg 350w, https:\/\/enricnavarro.es\/enric_navarro\/wp-content\/uploads\/2020\/06\/curso-karambit-avanzado-480x360.jpeg 480w, https:\/\/enricnavarro.es\/enric_navarro\/wp-content\/uploads\/2020\/06\/curso-karambit-avanzado.jpeg 2048w\" sizes=\"(max-width: 300px) 100vw, 300px\" \/><\/a><\/p>\n<p>Durante el verano 2019 particip\u00f3 como docente para los campamentos del Programa Europeo Erasmus+ en concreto para el campamento &#8220;Youth Stop Violence&#8221;, dirigido a alumnos de distintos puntos de Europa estudiantes de derecho, psicolog\u00eda y criminolog\u00eda.<\/p>\n<p><a href=\"https:\/\/enricnavarro.es\/enric_navarro\/wp-content\/uploads\/2020\/06\/erasmus-plus-web-enricnavarro-scaled.jpg\"><img loading=\"lazy\" decoding=\"async\" class=\"aligncenter wp-image-1236 size-medium\" src=\"https:\/\/enricnavarro.es\/enric_navarro\/wp-content\/uploads\/2020\/06\/erasmus-plus-web-enricnavarro-300x212.jpg\" alt=\"\" width=\"300\" height=\"212\" srcset=\"https:\/\/enricnavarro.es\/enric_navarro\/wp-content\/uploads\/2020\/06\/erasmus-plus-web-enricnavarro-300x212.jpg 300w, https:\/\/enricnavarro.es\/enric_navarro\/wp-content\/uploads\/2020\/06\/erasmus-plus-web-enricnavarro-scaled-600x424.jpg 600w, https:\/\/enricnavarro.es\/enric_navarro\/wp-content\/uploads\/2020\/06\/erasmus-plus-web-enricnavarro-1024x724.jpg 1024w, https:\/\/enricnavarro.es\/enric_navarro\/wp-content\/uploads\/2020\/06\/erasmus-plus-web-enricnavarro-768x543.jpg 768w, https:\/\/enricnavarro.es\/enric_navarro\/wp-content\/uploads\/2020\/06\/erasmus-plus-web-enricnavarro-1536x1086.jpg 1536w, https:\/\/enricnavarro.es\/enric_navarro\/wp-content\/uploads\/2020\/06\/erasmus-plus-web-enricnavarro-2048x1448.jpg 2048w, https:\/\/enricnavarro.es\/enric_navarro\/wp-content\/uploads\/2020\/06\/erasmus-plus-web-enricnavarro-830x587.jpg 830w, https:\/\/enricnavarro.es\/enric_navarro\/wp-content\/uploads\/2020\/06\/erasmus-plus-web-enricnavarro-230x163.jpg 230w, https:\/\/enricnavarro.es\/enric_navarro\/wp-content\/uploads\/2020\/06\/erasmus-plus-web-enricnavarro-350x247.jpg 350w, https:\/\/enricnavarro.es\/enric_navarro\/wp-content\/uploads\/2020\/06\/erasmus-plus-web-enricnavarro-480x339.jpg 480w\" sizes=\"(max-width: 300px) 100vw, 300px\" \/><\/a><\/p>\n<p>En Noviembre 2019 imparti\u00f3 formaciones anti acoso escolar y contra violencia de g\u00e9nero donde destaca la formaci\u00f3n anti bullying como invitado de la escuela Spartans Krav Maga Costablanca de Alf\u00e1s del Pi (Alicante) dirigida por el Entrenador Nacional Tom\u00e1s L\u00f3pez Caleya, y comenz\u00f3 un proyecto formativo para los psic\u00f3logos y trabajadores sociales de Cruz Roja de la Comunidad de Madrid que trabajan en los 22 Centros de D\u00eda Infantiles concertados por la Comunidad con Cruz Roja.<\/p>\n<p><a href=\"https:\/\/enricnavarro.es\/enric_navarro\/wp-content\/uploads\/2020\/06\/cabecera-scaled.jpg\"><img loading=\"lazy\" decoding=\"async\" class=\"size-large wp-image-1233 aligncenter\" src=\"https:\/\/enricnavarro.es\/enric_navarro\/wp-content\/uploads\/2020\/06\/cabecera-1024x173.jpg\" alt=\"\" width=\"1024\" height=\"173\" srcset=\"https:\/\/enricnavarro.es\/enric_navarro\/wp-content\/uploads\/2020\/06\/cabecera-1024x173.jpg 1024w, https:\/\/enricnavarro.es\/enric_navarro\/wp-content\/uploads\/2020\/06\/cabecera-scaled-600x101.jpg 600w, https:\/\/enricnavarro.es\/enric_navarro\/wp-content\/uploads\/2020\/06\/cabecera-300x51.jpg 300w, https:\/\/enricnavarro.es\/enric_navarro\/wp-content\/uploads\/2020\/06\/cabecera-768x129.jpg 768w, https:\/\/enricnavarro.es\/enric_navarro\/wp-content\/uploads\/2020\/06\/cabecera-1536x259.jpg 1536w, https:\/\/enricnavarro.es\/enric_navarro\/wp-content\/uploads\/2020\/06\/cabecera-2048x345.jpg 2048w, https:\/\/enricnavarro.es\/enric_navarro\/wp-content\/uploads\/2020\/06\/cabecera-830x140.jpg 830w, https:\/\/enricnavarro.es\/enric_navarro\/wp-content\/uploads\/2020\/06\/cabecera-230x39.jpg 230w, https:\/\/enricnavarro.es\/enric_navarro\/wp-content\/uploads\/2020\/06\/cabecera-350x59.jpg 350w, https:\/\/enricnavarro.es\/enric_navarro\/wp-content\/uploads\/2020\/06\/cabecera-480x81.jpg 480w\" sizes=\"(max-width: 1024px) 100vw, 1024px\" \/><\/a><\/p>\n<p>El 7 de Marzo 2020, tras dos a\u00f1os de estudio intensivos con formaciones por toda Espa\u00f1a, y cursos de fin de semana intensivos, super\u00f3 con \u00e9xito el curso de Monitor Nacional de Combate Armado a trav\u00e9s de la ANEC (Asociaci\u00f3n Nacional Eskrima de Combate),<\/p>\n<p><a href=\"https:\/\/enricnavarro.es\/enric_navarro\/wp-content\/uploads\/2020\/06\/monitor-combate-armado-ANEC.jpeg\"><img loading=\"lazy\" decoding=\"async\" class=\"aligncenter wp-image-1231 size-medium\" src=\"https:\/\/enricnavarro.es\/enric_navarro\/wp-content\/uploads\/2020\/06\/monitor-combate-armado-ANEC-300x225.jpeg\" alt=\"\" width=\"300\" height=\"225\" srcset=\"https:\/\/enricnavarro.es\/enric_navarro\/wp-content\/uploads\/2020\/06\/monitor-combate-armado-ANEC-300x225.jpeg 300w, https:\/\/enricnavarro.es\/enric_navarro\/wp-content\/uploads\/2020\/06\/monitor-combate-armado-ANEC-600x450.jpeg 600w, https:\/\/enricnavarro.es\/enric_navarro\/wp-content\/uploads\/2020\/06\/monitor-combate-armado-ANEC-1024x768.jpeg 1024w, https:\/\/enricnavarro.es\/enric_navarro\/wp-content\/uploads\/2020\/06\/monitor-combate-armado-ANEC-768x576.jpeg 768w, https:\/\/enricnavarro.es\/enric_navarro\/wp-content\/uploads\/2020\/06\/monitor-combate-armado-ANEC-1536x1152.jpeg 1536w, https:\/\/enricnavarro.es\/enric_navarro\/wp-content\/uploads\/2020\/06\/monitor-combate-armado-ANEC-830x623.jpeg 830w, https:\/\/enricnavarro.es\/enric_navarro\/wp-content\/uploads\/2020\/06\/monitor-combate-armado-ANEC-230x173.jpeg 230w, https:\/\/enricnavarro.es\/enric_navarro\/wp-content\/uploads\/2020\/06\/monitor-combate-armado-ANEC-350x263.jpeg 350w, https:\/\/enricnavarro.es\/enric_navarro\/wp-content\/uploads\/2020\/06\/monitor-combate-armado-ANEC-480x360.jpeg 480w, https:\/\/enricnavarro.es\/enric_navarro\/wp-content\/uploads\/2020\/06\/monitor-combate-armado-ANEC.jpeg 1600w\" sizes=\"(max-width: 300px) 100vw, 300px\" \/><\/a><\/p>\n<p>Y tras el mes de marzo, aprovech\u00f3 el confinamiento del COVID19 para estudiar y certificarse a distancia en dos formaciones: a trav\u00e9s de femxa formaci\u00f3n (entidad formadora del SEPE), se titul\u00f3 como Director de Instalaciones Deportivas, y adem\u00e1s, realiz\u00f3 todos los bloques te\u00f3ricos del TCCC (Trauma Combat Casuality Care) de NAEMT, sobre primeros auxilios con elementos de fortuna en entornos hostiles, a falta de realizar las pr\u00e1cticas una vez levantado el confinamiento.<\/p>\n<p>\u00a0<\/p>\n\n\n<figure class=\"wp-block-image size-large\"><a href=\"https:\/\/enricnavarro.es\/enric_navarro\/wp-content\/uploads\/2021\/11\/Direccion-instalaciones-deportivas.jpg\"><img loading=\"lazy\" decoding=\"async\" width=\"1024\" height=\"724\" src=\"https:\/\/enricnavarro.es\/enric_navarro\/wp-content\/uploads\/2021\/11\/Direccion-instalaciones-deportivas-1024x724.jpg\" alt=\"\" class=\"wp-image-1305\" srcset=\"https:\/\/enricnavarro.es\/enric_navarro\/wp-content\/uploads\/2021\/11\/Direccion-instalaciones-deportivas-1024x724.jpg 1024w, https:\/\/enricnavarro.es\/enric_navarro\/wp-content\/uploads\/2021\/11\/Direccion-instalaciones-deportivas-600x424.jpg 600w, https:\/\/enricnavarro.es\/enric_navarro\/wp-content\/uploads\/2021\/11\/Direccion-instalaciones-deportivas-300x212.jpg 300w, https:\/\/enricnavarro.es\/enric_navarro\/wp-content\/uploads\/2021\/11\/Direccion-instalaciones-deportivas-768x543.jpg 768w, https:\/\/enricnavarro.es\/enric_navarro\/wp-content\/uploads\/2021\/11\/Direccion-instalaciones-deportivas-920x651.jpg 920w, https:\/\/enricnavarro.es\/enric_navarro\/wp-content\/uploads\/2021\/11\/Direccion-instalaciones-deportivas-230x163.jpg 230w, https:\/\/enricnavarro.es\/enric_navarro\/wp-content\/uploads\/2021\/11\/Direccion-instalaciones-deportivas-350x248.jpg 350w, https:\/\/enricnavarro.es\/enric_navarro\/wp-content\/uploads\/2021\/11\/Direccion-instalaciones-deportivas-480x340.jpg 480w, https:\/\/enricnavarro.es\/enric_navarro\/wp-content\/uploads\/2021\/11\/Direccion-instalaciones-deportivas.jpg 1121w\" sizes=\"(max-width: 1024px) 100vw, 1024px\" \/><\/a><\/figure>\n\n\n\n<figure class=\"wp-block-image size-large\"><a href=\"https:\/\/enricnavarro.es\/enric_navarro\/wp-content\/uploads\/2021\/11\/Enric-Navarro-70060109-Q-TCCC-E3A-1.jpg\"><img loading=\"lazy\" decoding=\"async\" width=\"1024\" height=\"738\" src=\"https:\/\/enricnavarro.es\/enric_navarro\/wp-content\/uploads\/2021\/11\/Enric-Navarro-70060109-Q-TCCC-E3A-1-1024x738.jpg\" alt=\"\" class=\"wp-image-1306\" srcset=\"https:\/\/enricnavarro.es\/enric_navarro\/wp-content\/uploads\/2021\/11\/Enric-Navarro-70060109-Q-TCCC-E3A-1-1024x738.jpg 1024w, https:\/\/enricnavarro.es\/enric_navarro\/wp-content\/uploads\/2021\/11\/Enric-Navarro-70060109-Q-TCCC-E3A-1-600x433.jpg 600w, https:\/\/enricnavarro.es\/enric_navarro\/wp-content\/uploads\/2021\/11\/Enric-Navarro-70060109-Q-TCCC-E3A-1-300x216.jpg 300w, https:\/\/enricnavarro.es\/enric_navarro\/wp-content\/uploads\/2021\/11\/Enric-Navarro-70060109-Q-TCCC-E3A-1-768x554.jpg 768w, https:\/\/enricnavarro.es\/enric_navarro\/wp-content\/uploads\/2021\/11\/Enric-Navarro-70060109-Q-TCCC-E3A-1-1536x1107.jpg 1536w, https:\/\/enricnavarro.es\/enric_navarro\/wp-content\/uploads\/2021\/11\/Enric-Navarro-70060109-Q-TCCC-E3A-1-920x663.jpg 920w, https:\/\/enricnavarro.es\/enric_navarro\/wp-content\/uploads\/2021\/11\/Enric-Navarro-70060109-Q-TCCC-E3A-1-230x166.jpg 230w, https:\/\/enricnavarro.es\/enric_navarro\/wp-content\/uploads\/2021\/11\/Enric-Navarro-70060109-Q-TCCC-E3A-1-350x252.jpg 350w, https:\/\/enricnavarro.es\/enric_navarro\/wp-content\/uploads\/2021\/11\/Enric-Navarro-70060109-Q-TCCC-E3A-1-480x346.jpg 480w, https:\/\/enricnavarro.es\/enric_navarro\/wp-content\/uploads\/2021\/11\/Enric-Navarro-70060109-Q-TCCC-E3A-1.jpg 1842w\" sizes=\"(max-width: 1024px) 100vw, 1024px\" \/><\/a><\/figure>\n\n\n\n<p>El a\u00f1o 2021 continu\u00f3 con su formaci\u00f3n en seguridad capacit\u00e1ndose y certific\u00e1ndose como Escolta Privado por la Direcci\u00f3n General de Polic\u00eda del Ministerio de Interior con n\u00famero de TIP 50.259\u00a0<\/p>\n<p>\u00a0<\/p>\n\n\n\n<figure class=\"wp-block-image size-large\"><a href=\"https:\/\/enricnavarro.es\/enric_navarro\/wp-content\/uploads\/2021\/11\/escolta-publicar.png\"><img loading=\"lazy\" decoding=\"async\" width=\"1024\" height=\"768\" src=\"https:\/\/enricnavarro.es\/enric_navarro\/wp-content\/uploads\/2021\/11\/escolta-publicar-1024x768.png\" alt=\"\" class=\"wp-image-1307\" srcset=\"https:\/\/enricnavarro.es\/enric_navarro\/wp-content\/uploads\/2021\/11\/escolta-publicar-1024x768.png 1024w, https:\/\/enricnavarro.es\/enric_navarro\/wp-content\/uploads\/2021\/11\/escolta-publicar-600x450.png 600w, https:\/\/enricnavarro.es\/enric_navarro\/wp-content\/uploads\/2021\/11\/escolta-publicar-300x225.png 300w, https:\/\/enricnavarro.es\/enric_navarro\/wp-content\/uploads\/2021\/11\/escolta-publicar-768x576.png 768w, https:\/\/enricnavarro.es\/enric_navarro\/wp-content\/uploads\/2021\/11\/escolta-publicar-920x690.png 920w, https:\/\/enricnavarro.es\/enric_navarro\/wp-content\/uploads\/2021\/11\/escolta-publicar-230x172.png 230w, https:\/\/enricnavarro.es\/enric_navarro\/wp-content\/uploads\/2021\/11\/escolta-publicar-350x262.png 350w, https:\/\/enricnavarro.es\/enric_navarro\/wp-content\/uploads\/2021\/11\/escolta-publicar-480x360.png 480w, https:\/\/enricnavarro.es\/enric_navarro\/wp-content\/uploads\/2021\/11\/escolta-publicar.png 1175w\" sizes=\"(max-width: 1024px) 100vw, 1024px\" \/><\/a><\/figure>\n\n\n\n<p>Adem\u00e1s, participo como miembro en un comit\u00e9 de expertos del Instituto Nacional de Cualificaciones del Ministerio de Educaci\u00f3n, elaborando la cualificaci\u00f3n profesional que posteriormente pasar\u00e1 a congreso, senado y se publicar\u00e1 en BOE, sobre una nueva formaci\u00f3n Oficial y P\u00fablica sobre &#8220;Instrucci\u00f3n en Defensa Personal&#8221;, con validez acad\u00e9mica para toda la Uni\u00f3n Europea.<\/p>\n\n\n\n<p><\/p>\n\n\n\n<figure class=\"wp-block-image size-large\"><a href=\"https:\/\/enricnavarro.es\/enric_navarro\/wp-content\/uploads\/2021\/11\/incual-publicar.png\"><img loading=\"lazy\" decoding=\"async\" width=\"725\" height=\"1024\" src=\"https:\/\/enricnavarro.es\/enric_navarro\/wp-content\/uploads\/2021\/11\/incual-publicar-725x1024.png\" alt=\"\" class=\"wp-image-1308\" srcset=\"https:\/\/enricnavarro.es\/enric_navarro\/wp-content\/uploads\/2021\/11\/incual-publicar-725x1024.png 725w, https:\/\/enricnavarro.es\/enric_navarro\/wp-content\/uploads\/2021\/11\/incual-publicar-600x848.png 600w, https:\/\/enricnavarro.es\/enric_navarro\/wp-content\/uploads\/2021\/11\/incual-publicar-212x300.png 212w, https:\/\/enricnavarro.es\/enric_navarro\/wp-content\/uploads\/2021\/11\/incual-publicar-768x1085.png 768w, https:\/\/enricnavarro.es\/enric_navarro\/wp-content\/uploads\/2021\/11\/incual-publicar-1087x1536.png 1087w, https:\/\/enricnavarro.es\/enric_navarro\/wp-content\/uploads\/2021\/11\/incual-publicar-920x1300.png 920w, https:\/\/enricnavarro.es\/enric_navarro\/wp-content\/uploads\/2021\/11\/incual-publicar-230x325.png 230w, https:\/\/enricnavarro.es\/enric_navarro\/wp-content\/uploads\/2021\/11\/incual-publicar-350x495.png 350w, https:\/\/enricnavarro.es\/enric_navarro\/wp-content\/uploads\/2021\/11\/incual-publicar-480x678.png 480w, https:\/\/enricnavarro.es\/enric_navarro\/wp-content\/uploads\/2021\/11\/incual-publicar.png 1241w\" sizes=\"(max-width: 725px) 100vw, 725px\" \/><\/a><\/figure>\n\n\n\n<p>Adem\u00e1s comienza un proyecto de difusi\u00f3n de las Artes Marciales Irlandesas, bajo la marca <a href=\"http:\/\/www.andragan.com\" target=\"_blank\" rel=\"noreferrer noopener\">An Dragan Ceilteach<\/a>, de la mano del maestro Pablo Herrera. <\/p>\n","protected":false},"excerpt":{"rendered":"<p>Enric Navarro comenz\u00f3 a estudiar de forma seria Artes Marciales en 1996 a la edad de 14 a\u00f1os, tras haber tenido encuentros espor\u00e1dicos siendo ni\u00f1o, con Judo o Karate en las actividades extraescolares del centro educativo d\u00f3nde cursaba sus estudios. Su primer Arte Marcial fue Taekwondo, de la mano del Maestro D. Abilio Granero Freire, actualmente 6 Dan y Vicepresidente de la Federaci\u00f3n Madrile\u00f1a de Taekwondo, el cual le ense\u00f1o las artes marciales como modo de vida, y una forma de ayudar a los dem\u00e1s. \u00a0 En el a\u00f1o 2000, comenz\u00f3 a tomar contacto con otras disciplinas como el Full Contact, el Aikido o el Karate Shito Ryu, adem\u00e1s de [&hellip;]<\/p>\n","protected":false},"author":1,"featured_media":0,"parent":0,"menu_order":0,"comment_status":"closed","ping_status":"closed","template":"page-templates\/page_fullwidth.php","meta":{"footnotes":""},"class_list":["post-10","page","type-page","status-publish","hentry"],"_links":{"self":[{"href":"https:\/\/enricnavarro.es\/enric_navarro\/wp-json\/wp\/v2\/pages\/10","targetHints":{"allow":["GET"]}}],"collection":[{"href":"https:\/\/enricnavarro.es\/enric_navarro\/wp-json\/wp\/v2\/pages"}],"about":[{"href":"https:\/\/enricnavarro.es\/enric_navarro\/wp-json\/wp\/v2\/types\/page"}],"author":[{"embeddable":true,"href":"https:\/\/enricnavarro.es\/enric_navarro\/wp-json\/wp\/v2\/users\/1"}],"replies":[{"embeddable":true,"href":"https:\/\/enricnavarro.es\/enric_navarro\/wp-json\/wp\/v2\/comments?post=10"}],"version-history":[{"count":53,"href":"https:\/\/enricnavarro.es\/enric_navarro\/wp-json\/wp\/v2\/pages\/10\/revisions"}],"predecessor-version":[{"id":1309,"href":"https:\/\/enricnavarro.es\/enric_navarro\/wp-json\/wp\/v2\/pages\/10\/revisions\/1309"}],"wp:attachment":[{"href":"https:\/\/enricnavarro.es\/enric_navarro\/wp-json\/wp\/v2\/media?parent=10"}],"curies":[{"name":"wp","href":"https:\/\/api.w.org\/{rel}","templated":true}]}}