{"id":42,"date":"2014-03-12T10:34:12","date_gmt":"2014-03-12T10:34:12","guid":{"rendered":"http:\/\/enricnavarro.es\/enric_navarro\/?page_id=42"},"modified":"2016-12-16T08:54:22","modified_gmt":"2016-12-16T08:54:22","slug":"curriculum-vitae","status":"publish","type":"page","link":"https:\/\/enricnavarro.es\/enric_navarro\/curriculum-vitae\/","title":{"rendered":"Curriculum Vitae"},"content":{"rendered":"<div class=\"tx-row \">\n<div class=\"tx-column tx-column-size-1-2\"><a href=\"http:\/\/enricnavarro.es\/enric_navarro\/biografia\/\"><div class=\"tx-service square\" style=\"\"><div class=\"tx-service-icon\"><span><i class=\"fa fa-book\"><\/i><\/span><\/div><div class=\"tx-service-title\">Biograf\u00eda<\/div><div class=\"tx-service-text\"><\/div><\/div><\/a><\/div>\n<div class=\"tx-column tx-column-size-1-2\"><a href=\"http:\/\/enricnavarro.es\/enric_navarro\/curriculum-vitae\/\"><div class=\"tx-service square\" style=\"\"><div class=\"tx-service-icon\"><span><i class=\"fa fa-mortar-board\"><\/i><\/span><\/div><div class=\"tx-service-title\">C.V.<\/div><div class=\"tx-service-text\"><\/div><\/div><\/a><\/div>\n<\/div>\n<p>Experiencia Laboral<\/p>\n<address>1996\u00a0.- Comienzo Artes Marciales<br \/>\n1999\u00a0.- Inicio Vida Laboral (profesor particular, canguro, monitor tiempo libre)<br \/>\n2000 \u2013 Voluntariado Marruecos Asociaci\u00f3n Encuentros (formaci\u00f3n b\u00e1sica en \u00e1rabe)<br \/>\n\u2026\u2026..\u00a0&#8211; Voluntariado en Cruz Roja Collado Villalba B.64 (formaci\u00f3n en Salud)<br \/>\n2003 \u2013 Voluntariado Disminuidos ps\u00edquicos Asociaci\u00f3n Antares, Barrio del Pilar, Madrid. (formaci\u00f3n lengua de signos)<br \/>\n2004 \u2013 Creaci\u00f3n Gesti\u00f3n Empresarial y Deportiva S.L. (formaci\u00f3n y pr\u00e1ctica administrativa)<br \/>\n2005 \u2013 Monitor Granjas Escuelas y Campamentos de Monta\u00f1a, empresa Millas Chuila S.L.<br \/>\n\u2026\u2026..\u00a0&#8211; Monitor Deportivo Colegios P\u00fablicos. Ayuntamiento de Galapagar, Madrid<br \/>\n\u2026\u2026..\u00a0&#8211; Titulaci\u00f3n Ciclo Formativo Grado Superior TAFAD (T\u00e9cnico Animaci\u00f3n F\u00edsica y Actividades Deportivas)<br \/>\n2006 \u2013 Educador en Centro de Menores, empresa Salud Mental Consulting S.L.<br \/>\n\u2026\u2026..\u00a0&#8211; Profesor Artes Marciales IES Manuel Elkin Patarroyo en Parla, Madrid<br \/>\n\u2026\u2026..\u00a0&#8211; Fundaci\u00f3n Asociaci\u00f3n Champei, cooperaci\u00f3n internacional con Guatemala<br \/>\n2007 \u2013 Formaci\u00f3n Club Deportivo Elemental Taekwondo Galapagar<br \/>\n\u2026\u2026..\u00a0&#8211; Miembro Fundador Asociaci\u00f3n de Clubes Taekwondo Abilio<br \/>\n\u2026\u2026..\u00a0&#8211; Profesor Artes Marciales IES Infanta Elena en Galapagar, Madrid<br \/>\n2008 \u2013 Creaci\u00f3n P\u00e1gina Web Federaci\u00f3n Madrile\u00f1a de Taekwondo, apoyo en organizaci\u00f3n de eventos, competiciones y III Open Internacional<br \/>\n2009 \u2013 Creaci\u00f3n y Registro de un temario y sistema de entrenamiento ideado para la autoprotecci\u00f3n basado en mis experiencias y conocimientos como artista marcial.<br \/>\n2010 \u2013 Coordinador I y II Jornadas de Autoprotecci\u00f3n Femenina Fundaci\u00f3n Deporte Joven CSD<br \/>\n\u2026\u2026..\u00a0&#8211; Miembro Fundador y Presidente Asociaci\u00f3n Nacional Defensa Femenina.<br \/>\n2011 \u2013 Coordinador del proyecto de Autoprotecci\u00f3n Femenina de la Fundaci\u00f3n Deporte Joven del Consejo Superior de Deportes.<br \/>\n\u2026\u2026..\u00a0&#8211; Docente autoprotecci\u00f3n Femenina en el Programa Mujer Cruz Roja Madrid<br \/>\n\u2026\u2026..\u00a0&#8211; Docente de Cruz Roja Espa\u00f1ola, para responsables Provinciales de todo el territorio Nacional del programa<\/address>\n<address>ATEMPRO.<\/address>\n<address>2012.- Fundaci\u00f3n de la Asociaci\u00f3n Nacional Defensa Personal Integral I+D<\/address>\n<address>2013-15.- Coordinador de Artes Marciales del Polideportivo Municipal de Galapagar (Madrid)<\/address>\n<address>2014.- Conferencias y cursos en diferentes puntos de Espa\u00f1a<\/address>\n<address>2015.- Director de Formaci\u00f3n en Coedpi. Colegio Profesional de Entrenadores en Defensa Personal<\/address>\n<p>&nbsp;<\/p>\n<p>Formaci\u00f3n Acad\u00e9mica<\/p>\n<p>&#8211; ESO<br \/>\n&#8211; Bachillerato LOGSE Ciencias de la Salud<br \/>\n&#8211; Ciclo Formativo Grado Superior TAFAD<br \/>\n&#8211; Experto en Perfiles Criminol\u00f3gicos<\/p>\n<p>Formaci\u00f3n en Salud<\/p>\n<p>&#8211; <a href=\"https:\/\/lh4.googleusercontent.com\/-GUEndO5diwc\/U6vcrNDXksI\/AAAAAAAAspE\/uqiQEajUGSo\/w958-h666-no\/CR7.JPG\" target=\"_blank\">T\u00e9cnico Avanzado en Emergencias M\u00e9dicas<\/a>\u00a0(+ experiencia de 5 a\u00f1os en ambulancias de Cruz Roja Espa\u00f1ola)<br \/>\n&#8211; M\u00f3dulo Urgencias Obst\u00e9tricas y Pedi\u00e1tricas<br \/>\n&#8211;\u00a0<a href=\"https:\/\/lh4.googleusercontent.com\/-_ZK2W5vEYvo\/U6vb3HNisvI\/AAAAAAAAsoU\/XnBm9R5KqwA\/w958-h678-no\/CR3.JPG\" target=\"_blank\">M\u00f3dulo Apoyo Facultativo (Suerolog\u00eda)<\/a><br \/>\n&#8211; M\u00f3dulo Politraumatismos<br \/>\n&#8211;\u00a0<a href=\"https:\/\/lh6.googleusercontent.com\/-3OgZIElBq4Q\/U6vcifoNdkI\/AAAAAAAAso4\/cwyLPhGnACQ\/w958-h678-no\/CR6.JPG\" target=\"_blank\">M\u00f3dulo Grandes Quemados<\/a><br \/>\n&#8211;\u00a0<a href=\"https:\/\/lh6.googleusercontent.com\/-sWneybm9IoQ\/U6vcjceltTI\/AAAAAAAAso8\/hVSrgPsjABE\/w958-h678-no\/CR5.JPG\" target=\"_blank\">M\u00f3dulo Desfibrilador semiautom\u00e1tico<\/a><br \/>\n&#8211; M\u00f3dulo Tutores Extrahospitalarias<br \/>\n&#8211; Operador Radio Comunicaciones en Emergencias Sanitarias (pr\u00e1cticas en el antiguo Centro Nacional de Coordinaci\u00f3n de Emergencias de Pozuelo de Alarc\u00f3n, Madrid, y experiencia en 11M)<br \/>\n&#8211; M\u00f3dulo Inmovilizaciones y vendajes<br \/>\n&#8211;\u00a0<a href=\"https:\/\/lh6.googleusercontent.com\/-LnhCXn0sf3U\/U6vb_1R7LyI\/AAAAAAAAsoc\/vbl3LQ7vaaI\/w958-h678-no\/CR1.JPG\" target=\"_blank\">M\u00f3dulo psicolog\u00eda en emergencias sanitarias<\/a><br \/>\n&#8211; Socorrismo acu\u00e1tico<br \/>\n&#8211; Creador del curso: Primeros Auxilios para profesores de Artes Marciales<\/p>\n<p>Artes Marciales y Defensa Personal<\/p>\n<p>&#8211; <a href=\"https:\/\/lh4.googleusercontent.com\/-dNuhnTHLnfU\/U6vXrKlyIbI\/AAAAAAAAsng\/YyVhfUjxIoY\/w539-h782-no\/taekwondo%2Bentrenador.JPG\" target=\"_blank\">3 Dan Taekwondo RFET (CSD)<\/a><br \/>\n&#8211; <a href=\"https:\/\/lh4.googleusercontent.com\/-UoJfyQMSW7k\/U6vXUT-jfQI\/AAAAAAAAsnQ\/X0I8-WacT3U\/w539-h782-no\/Taekwondo%2B3%2Bdan.JPG\" target=\"_blank\">Entrenador Nacional Taekwondo RFET (CSD)<\/a><br \/>\n&#8211; <a href=\"https:\/\/lh6.googleusercontent.com\/-ySqmnf9QRw4\/U6vXd1aXtuI\/AAAAAAAAsnY\/xNHwaBVPPSg\/w539-h782-no\/hapkido.jpg\" target=\"_blank\">1 Dan Hapkido RFET (CSD)<\/a><br \/>\n&#8211; <a href=\"https:\/\/lh6.googleusercontent.com\/-I9rvcy0oPcM\/U6vW4r7MEjI\/AAAAAAAAsnI\/FdnATCTLfI0\/w958-h677-no\/Diploma%2BKapap.jpg\" target=\"_blank\">Instructor I Nivel ICS (Close Combat)<\/a><br \/>\n&#8211; <a href=\"http:\/\/enricnavarro.es\/enric_navarro\/wp-content\/uploads\/2014\/03\/titulo-kapap.png\" target=\"_blank\">Instructor Nivel A Kapap Lotar WKLF<\/a><br \/>\n&#8211; <a href=\"http:\/\/enricnavarro.es\/enric_navarro\/wp-content\/uploads\/2014\/03\/IMG_20150607_201807_1.jpg\" target=\"_blank\">Instructor T.O.P. WKLF<\/a><\/p>\n<p><a href=\"https:\/\/plus.google.com\/u\/0\/photos\/109200951610873673080\/albums\/6029148719661997905\" target=\"_blank\">Fotos Algunos Diplomas y Titulaciones en Artes Marciales<\/a><\/p>\n<p>Idiomas<\/p>\n<p>&#8211; Catal\u00e1n (valenciano) Nativo<br \/>\n&#8211; Espa\u00f1ol (castellano) Nativo<br \/>\n&#8211; Ingl\u00e9s Medio\/Alto<\/p>\n<p>&nbsp;<\/p>\n","protected":false},"excerpt":{"rendered":"<p>Experiencia Laboral 1996\u00a0.- Comienzo Artes Marciales 1999\u00a0.- Inicio Vida Laboral (profesor particular, canguro, monitor tiempo libre) 2000 \u2013 Voluntariado Marruecos Asociaci\u00f3n Encuentros (formaci\u00f3n b\u00e1sica en \u00e1rabe) \u2026\u2026..\u00a0&#8211; Voluntariado en Cruz Roja Collado Villalba B.64 (formaci\u00f3n en Salud) 2003 \u2013 Voluntariado Disminuidos ps\u00edquicos Asociaci\u00f3n Antares, Barrio del Pilar, Madrid. (formaci\u00f3n lengua de signos) 2004 \u2013 Creaci\u00f3n Gesti\u00f3n Empresarial y Deportiva S.L. (formaci\u00f3n y pr\u00e1ctica administrativa) 2005 \u2013 Monitor Granjas Escuelas y Campamentos de Monta\u00f1a, empresa Millas Chuila S.L. \u2026\u2026..\u00a0&#8211; Monitor Deportivo Colegios P\u00fablicos. Ayuntamiento de Galapagar, Madrid \u2026\u2026..\u00a0&#8211; Titulaci\u00f3n Ciclo Formativo Grado Superior TAFAD (T\u00e9cnico Animaci\u00f3n F\u00edsica y Actividades Deportivas) 2006 \u2013 Educador en Centro de Menores, empresa Salud Mental Consulting [&hellip;]<\/p>\n","protected":false},"author":1,"featured_media":0,"parent":0,"menu_order":0,"comment_status":"closed","ping_status":"closed","template":"","meta":{"footnotes":""},"class_list":["post-42","page","type-page","status-publish","hentry"],"_links":{"self":[{"href":"https:\/\/enricnavarro.es\/enric_navarro\/wp-json\/wp\/v2\/pages\/42","targetHints":{"allow":["GET"]}}],"collection":[{"href":"https:\/\/enricnavarro.es\/enric_navarro\/wp-json\/wp\/v2\/pages"}],"about":[{"href":"https:\/\/enricnavarro.es\/enric_navarro\/wp-json\/wp\/v2\/types\/page"}],"author":[{"embeddable":true,"href":"https:\/\/enricnavarro.es\/enric_navarro\/wp-json\/wp\/v2\/users\/1"}],"replies":[{"embeddable":true,"href":"https:\/\/enricnavarro.es\/enric_navarro\/wp-json\/wp\/v2\/comments?post=42"}],"version-history":[{"count":11,"href":"https:\/\/enricnavarro.es\/enric_navarro\/wp-json\/wp\/v2\/pages\/42\/revisions"}],"predecessor-version":[{"id":618,"href":"https:\/\/enricnavarro.es\/enric_navarro\/wp-json\/wp\/v2\/pages\/42\/revisions\/618"}],"wp:attachment":[{"href":"https:\/\/enricnavarro.es\/enric_navarro\/wp-json\/wp\/v2\/media?parent=42"}],"curies":[{"name":"wp","href":"https:\/\/api.w.org\/{rel}","templated":true}]}}